{"id":188,"date":"2024-11-26T21:49:39","date_gmt":"2024-11-26T21:49:39","guid":{"rendered":"https:\/\/musikservice-breuer.de\/?page_id=188"},"modified":"2024-11-27T13:33:09","modified_gmt":"2024-11-27T13:33:09","slug":"datenschutz","status":"publish","type":"page","link":"https:\/\/musikservice-breuer.de\/?page_id=188","title":{"rendered":"Datenschutz"},"content":{"rendered":"\t\t<div data-elementor-type=\"wp-page\" data-elementor-id=\"188\" class=\"elementor elementor-188\" data-elementor-post-type=\"page\">\n\t\t\t\t<div class=\"elementor-element elementor-element-ddb8446 e-flex e-con-boxed e-con e-parent\" data-id=\"ddb8446\" data-element_type=\"container\">\n\t\t\t\t\t<div class=\"e-con-inner\">\n\t\t\t\t<div class=\"elementor-element elementor-element-175d078 elementor-widget elementor-widget-text-editor\" data-id=\"175d078\" data-element_type=\"widget\" data-widget_type=\"text-editor.default\">\n\t\t\t\t<div class=\"elementor-widget-container\">\n\t\t\t\t\t\t\t\t\t<p>Vielen Dank f\u00fcr Ihr Interesse an der Webseite unseres Unternehmens. Da mit Ihrem Besuch personenbezogene Daten anfallen, informieren wir Sie im Folgenden gem\u00e4\u00df den Anforderungen nach der europ\u00e4ischen Datenschutzrichtline, EU-DSGVO.Eine Erl\u00e4uterung verwendeter Begriffe finden Sie unter V. Begriffsbestimmungen.<\/p>\n<h2>I. Name und Kontaktdaten des Verantwortlichen und des Datenschutzbeauftragten<\/h2>\n<p>Verantwortlicher f\u00fcr die Verarbeitung personenbezogener Daten gema\u0308\u00df Art. 4 Nr. 7 DSGVO ist:<\/p>\n<p><span style=\"color: var( --e-global-color-text ); font-family: var( --e-global-typography-text-font-family ), Sans-serif; font-weight: var( --e-global-typography-text-font-weight ); text-align: var(--text-align); font-size: 1rem;\">Musikservice Breuer<br><\/span><span style=\"color: var( --e-global-color-text ); font-family: var( --e-global-typography-text-font-family ), Sans-serif; font-weight: var( --e-global-typography-text-font-weight ); text-align: var(--text-align); font-size: 1rem;\">Wolfgang Breuer<br><\/span>Wernershagener Weg 45h<br>24537 Neum\u00fcnster<br><span style=\"color: var( --e-global-color-text ); font-family: var( --e-global-typography-text-font-family ), Sans-serif; font-weight: var( --e-global-typography-text-font-weight ); text-align: var(--text-align); font-size: 1rem;\">Telefon: +49 (0) 172 2915209<br><\/span><span style=\"color: var( --e-global-color-text ); font-family: var( --e-global-typography-text-font-family ), Sans-serif; font-weight: var( --e-global-typography-text-font-weight ); text-align: var(--text-align); font-size: 1rem;\">E-Mail: breuer-musik@web.de<\/span><\/p>\n<p>Wir sind gesetzlich nicht verpflichtet einen Datenschutzbeauftragten zu benennen.<\/p>\n<h3>&nbsp;<\/h3>\n<h2>II. Datenerhebung, Rechtsgrundlage der Verarbeitung, Dauer der Speicherung<\/h2>\n<p><em>1.Nutzung unserer Webseite<\/em><\/p>\n<p>Beim Aufrufen unserer Website werden durch den auf Ihrem Endger\u00e4t zum Einsatz kommenden Browser automatisch Informationen an den Server unserer Website gesendet. Diese Informationen werden tempor\u00e4r in einem sog. Logfile gespeichert.<\/p>\n<p>Folgende Informationen werden dabei ohne Ihr Zutun erfasst und bis zur automatisierten L\u00f6schung gespeichert:<\/p>\n<p>\u2013 IP-Adresse des anfragenden Rechners<br>\u2013 im Browser eingestellte Sprache<br>\u2013 verwendeter Browsertyp und das Betriebssystem Ihres Rechners in der jeweiligen Version<br>\u2013 ob Java-Skript und Cookies zugelassen sind\u2022 Bildschirmaufl\u00f6sung und Aufl\u00f6sungsdichte sowie Bildschirmgr\u00f6\u00dfe des Ausgabeger\u00e4tes<br>\u2013 Datum und Uhrzeit des Zugriffs<br>\u2013 Ihre Zeitzone<br>\u2013 der Name Ihres AccessProviders<br>\u2013 Name und URL der abgerufenen Datei<br>\u2013 Website, von der aus der Zugriff erfolgt (Referrer-URL)<\/p>\n<p>Die genannten Daten werden durch uns zu folgenden Zwecken verarbeitet:<\/p>\n<ul>\n<li>\n<ul>\u2013 Gew\u00e4hrleistung eines reibungslosen Verbindungsaufbaus der Website,<\/ul>\n<\/li>\n<\/ul>\n<ul>\n<li>\n<ul>\u2013 Gew\u00e4hrleistung einer komfortablen Nutzung unserer Website,<\/ul>\n<\/li>\n<\/ul>\n<ul>\n<li>\n<ul>\u2013 Auswertung der Systemsicherheit und -Stabilit\u00e4t sowie<\/ul>\n<\/li>\n<\/ul>\n<ul>\n<li>\n<ul>\u2013 zu weiteren systemadministrativen Zwecken, wie die Behebung von Fehlern.<\/ul>\n<\/li>\n<\/ul>\n<p>Die Rechtsgrundlage f\u00fcr die Datenverarbeitung ist Art. 6 Abs. 1Buchstabef DSGVO. Unser berechtigtes Interesse folgt aus oben aufgelisteten Zwecken zur Datenerhebung. In keinem Fall verwenden wir die erhobenen Daten zu dem Zweck, R\u00fcckschl\u00fcsse auf Ihre Person zu ziehen.<\/p>\n<p>Die IP-Adresse wird nach sp\u00e4testens 7 Tagen von allen Systemen, die im Zusammenhang mit dem Betrieb dieser Internetseiten verwendet werden, gel\u00f6scht. Einen Personenbezug k\u00f6nnen wir aus den verbleibenden Daten dann nicht mehr herstellen.<\/p>\n<p><em>2.Nutzung unseres Kontaktformulars<\/em><\/p>\n<p>Sofern Sie Ihre Anfrage \u00fcber unser Kontaktformular an uns richten, ist die Angabe der als Pflichtfelder gekennzeichneten Informationen erforderlich, damit wir wissen, von wem die Anfrage stammt und um diese beantworten zu k\u00f6nnen. Weitere Angaben ko\u0308nnen freiwillig get\u00e4tigt werden.<\/p>\n<p>Die Datenverarbeitung zum Zwecke der Kontaktaufnahme mit uns erfolgt nach Art. 6 Abs. 1 Buchstabe b DSGVO zur Durchf\u00fchrung vorvertraglicher Ma\u00dfnahmen, die auf Ihre Anfrage erfolgt.<\/p>\n<p>Sollten Daten im Rahmen einer Kunden- oder Interessentenbeziehung nicht weiter erforderlich sein oder ein entgegenstehendes Interesse des Kunden \u00fcberwiegen, werden wir die betreffenden Daten l\u00f6schen, sofern dem keine gesetzlichen Aufbewahrungspflichten entgegenstehen.<\/p>\n<p><em>3.Datenschutz bei Bewerbungen und im Bewerbungsverfahren.<\/em><\/p>\n<p>Wir verarbeiten die personenbezogenen Daten von Bewerbern zum Zwecke der Abwicklung des Bewerbungsverfahrens. Die Verarbeitung kann auch auf elektronischem Wege erfolgen. Dies ist insbesondere dann der Fall, wenn ein Bewerber entsprechende Bewerbungsunterlagen auf dem elektronischen Wege, beispielsweise per E-Mail oder u\u0308ber ein auf der Internetseite befindliches Webformular, an uns u\u0308bermittelt.<\/p>\n<p>Schlie\u00dfen wir einen Anstellungsvertrag mit einem Bewerber, werden die u\u0308bermittelten Daten zum Zwecke der Abwicklung des Besch\u00e4ftigungsverha\u0308ltnisses unter Beachtung der gesetzlichen Vorschriften gespeichert. Wird von dem f\u00fcr die Verarbeitung Verantwortlichen kein Anstellungsvertrag mit dem Bewerber geschlossen, so werden die Bewerbungsunterlagen sechs Monate nach Bekanntgabe der Absageentscheidung gel\u00f6scht, sofern einer L\u00f6schung keine sonstigen berechtigten Interessen des f\u00fcr die Verarbeitung Verantwortlichen entgegenstehen. Sonstiges berechtigtes Interesse in diesem Sinne ist beispielsweise eine Beweispflicht in einem Verfahren nach dem Allgemeinen Gleichbehandlungsgesetz (AGG).<\/p>\n<h2>III. Betroffenenrechte<\/h2>\n<p>Da wir Ihre personenbezogenen Daten verarbeiten, haben Sie die nachstehenden Rechte:<\/p>\n<p><em>1.Auskunftsrecht<\/em><\/p>\n<p>Sie k\u00f6nnen gem\u00e4\u00df Art. 15 DSGVO Auskunft u\u0308ber Ihre von uns verarbeiteten personenbezogenen Daten verlangen. Insbesondere k\u00f6nnen Sie Auskunft u\u0308ber die Verarbeitungszwecke, die Kategorie der personenbezogenen Daten, die Kategorien von Empf\u00e4ngern, gegen\u00fcber denen Ihre Daten offengelegt wurden oder werden, die geplante Speicherdauer, das Bestehen eines Rechts auf Berichtigung, L\u00f6schung, Einschr\u00e4nkung der Verarbeitung oder Widerspruch, das Bestehen eines Beschwerderechts, die Herkunft ihrer Daten, sofern diese nicht bei uns erhoben wurden, sowie u\u0308ber das Bestehen einer automatisierten Entscheidungsfindung einschlie\u00dflich Profiling und ggf. aussagekr\u00e4ftigen Informationen zu deren Einzelheiten verlangen;<\/p>\n<p><em>2.Berichtigung<\/em><\/p>\n<p>Sie k\u00f6nnen gem\u00e4\u00df Art. 16 DSGVO unverz\u00fcglich die Berichtigung unrichtiger oder Vervollst\u00e4ndigung Ihrer bei uns gespeicherten personenbezogenen Daten verlangen.<\/p>\n<p><em>3.Lo\u0308schung<\/em><\/p>\n<p>Sie k\u00f6nnen gem\u00e4\u00df Art. 17 DSGVO die L\u00f6schung Ihrer bei uns gespeicherten personenbezogenen Daten verlangen, soweit nicht die Verarbeitung zur Aus\u00fcbung des Rechts auf freie Meinungs\u00e4u\u00dferung und Information, zur Erf\u00fcllung einer rechtlichen Verpflichtung, aus Gr\u00fcnden des o\u0308ffentlichen Interesses oder zur Geltendmachung, Aus\u00fcbung oder Verteidigung von Rechtsanspr\u00fcchen erforderlich ist.<\/p>\n<p><em>4.Einschr\u00e4nkung<\/em><\/p>\n<p>Sie k\u00f6nnen gem\u00e4\u00df Art. 18 DSGVO die Einschr\u00e4nkung der Verarbeitung Ihrer personenbezogenen Daten verlangen, soweit die Richtigkeit der Daten von Ihnen bestritten wird, die Verarbeitung unrechtm\u00e4\u00dfig ist, Sie aber deren L\u00f6schung ablehnen und wir die Daten nicht mehr ben\u00f6tigen, Sie jedoch diese zur Geltendmachung, Aus\u00fcbung oder Verteidigung von Rechtsanspr\u00fcchen ben\u00f6tigen oder Sie gem\u00e4\u00df Art. 21 DSGVO Widerspruch gegen die Verarbeitung eingelegt haben.<\/p>\n<p><em>5.Daten\u00fcbertragbarkeit<\/em><\/p>\n<p>Sie k\u00f6nnen gem\u00e4\u00df Art. 20 DSGVO Ihre personenbezogenen Daten, die Sie uns bereitgestellt haben, in einem strukturierten, g\u00e4ngigen und maschinenlesebaren Format erhalten oder die U\u0308bermittlung an einen anderen Verantwortlichen verlangen.<\/p>\n<p><em>6.Widerrufsrecht<\/em><\/p>\n<p>Sie k\u00f6nnen gem\u00e4\u00df Art. 7 Abs. 3 DSGVO Ihre einmal erteilte Einwilligung jederzeit gegen\u00fcber uns widerrufen. Dies hat zur Folge, dass wir die Datenverarbeitung, die auf dieser Einwilligung beruhte, f\u00fcr die Zukunft nicht mehr fortf\u00fchren du\u0308rfen.<\/p>\n<p><em>7.Beschwerderecht<\/em><\/p>\n<p>Sie k\u00f6nnen sich gem\u00e4\u00df Art. 77 DSGVO bei einer Aufsichtsbeh\u00f6rde beschweren, wenn Sie der Ansicht sind, dass die Verarbeitung der Sie betreffenden personenbezogenen Daten gegen datenschutzrechtliche Bestimmungen verst\u00f6\u00dft.<\/p>\n<p>Sie k\u00f6nnen dies z.B. bei der f\u00fcr uns zust\u00e4ndigen Aufsichtsbeh\u00f6rde tun:<br>Unabh\u00e4ngiges Landeszentrum f\u00fcr Datenschutz Schleswig-Holstein<br>Holstenstra\u00dfe 98<br>24103 Kiel<\/p>\n<p><em>8.Widerspruchsrecht<\/em><\/p>\n<p>Sofern Ihre personenbezogenen Daten auf Grundlage von berechtigten Interessen gem\u00e4\u00df Art. 6 Abs. 1Buchstabef DSGVO verarbeitet werden, haben Sie das Recht, gem\u00e4\u00df Art. 21 DSGVO Widerspruch gegen die Verarbeitung Ihrer personenbezogenen Daten einzulegen, soweit daf\u00fcr Gr\u00fcnde vorliegen, die sich aus Ihrer besonderen Situation ergeben oder sich der Widerspruch gegen Direktwerbung richtet. Im letzteren Fall haben Sie ein generelles Widerspruchsrecht, das ohne Angabe einer besonderen Situation von uns umgesetzt wird. M\u00f6chten Sie von Ihrem Widerrufs-oder Widerspruchsrecht Gebrauch machen, gen\u00fcgt eine E-Mail an uns.<\/p>\n<p><em>9.Bestehen einer automatisierten Entscheidungsfindung<\/em><\/p>\n<p>Als verantwortungsbewusstes Unternehmen verzichten wir auf eine automatische Entscheidungsfindung oder ein Profiling.<\/p>\n<h3>&nbsp;<\/h3>\n<h2>IV. Datensicherheit<\/h2>\n<p>Wir verwenden innerhalb des Website-Besuchs das verbreitete SSL-Verfahren (Secure Socket Layer) zur Verschl\u00fcsselung. Ob eine einzelne Seite unseres Internetauftrittes verschl\u00fcsselt u\u0308bertragen wird, erkennen Sie an der geschlossenen Darstellung des Schl\u00fcssel-beziehungsweise Schloss-Symbols in der unteren Statusleiste Ihres Browsers.<\/p>\n<p>Wir bedienen uns im \u00dcbrigen geeigneter technischer und organisatorischer Sicherheitsma\u00dfnahmen, um Ihre Daten gegen zuf\u00e4llige oder vors\u00e4tzliche Manipulationen, teilweisen oder vollst\u00e4ndigen Verlust, Zerst\u00f6rung oder gegen den unbefugten Zugriff Dritter zu sch\u00fctzen. Unsere Sicherheitsma\u00dfnahmen werden entsprechend der technologischen Entwicklung fortlaufend verbessert.<\/p>\n<h2>&nbsp;<\/h2>\n<h2>V. Begriffsbestimmungen<\/h2>\n<p>Diese Datenschutzerkl\u00e4rung beruht auf den Begrifflichkeiten der europ\u00e4ischen Datenschutz-Grundverordnung (DSGVO).<\/p>\n<p>Wesentliche Begrifflichkeiten finden Sie hier erl\u00e4utert:<\/p>\n<p><em>Personenbezogene Daten<\/em><\/p>\n<p>Personenbezogene Daten sind alle Informationen, die sich auf eine identifizierte oder identifizierbare nat\u00fcrliche Person (im Folgenden \u201ebetroffene Person\u201c) beziehen. Als identifizierbar wird eine nat\u00fcrliche Person angesehen, die direkt oder indirekt, insbesondere mittels Zuordnung zu einer Kennung wie einem Namen, zu einer Kennnummer, zu Standortdaten, zu einer Online-Kennung oder zu einem oder mehreren besonderen Merkmalen, die Ausdruck der physischen, physiologischen, genetischen, psychischen, wirtschaftlichen, kulturellen oder sozialen Identita\u0308t dieser nat\u00fcrlichen Person sind, identifiziert werden kann.<\/p>\n<p><em>Betroffene Person<\/em><\/p>\n<p>Betroffene Person ist jede identifizierte oder identifizierbare nat\u00fcrliche Person, deren personenbezogene Daten von dem fu\u0308r die Verarbeitung Verantwortlichen verarbeitet werden.<\/p>\n<p><em>Verarbeitung<\/em><\/p>\n<p>Verarbeitung ist jeder mit oder ohne Hilfe automatisierter Verfahren ausgef\u00fchrte Vorgang oder jede solche Vorgangsreihe im Zusammenhang mit personenbezogenen Daten wie das Erheben, das Erfassen, die Organisation, das Ordnen, die Speicherung, die Anpassung oder Ver\u00e4nderung, das Auslesen, das Abfragen, die Verwendung, die Offenlegung durch U\u0308bermittlung, Verbreitung oder eine andere Form der Bereitstellung, den Abgleich oder die Verkn\u00fcpfung, die Einschr\u00e4nkung, das L\u00f6schen oder die Vernichtung.<\/p>\n<p><em>Einschr\u00e4nkung der Verarbeitung<\/em><\/p>\n<p>Einschra\u0308nkung der Verarbeitung ist die Markierung gespeicherter personenbezogener Daten mit dem Ziel, ihre k\u00fcnftige Verarbeitung einzuschr\u00e4nken.<\/p>\n<p><em>Profiling<\/em><\/p>\n<p>Profiling ist jede Art der automatisierten Verarbeitung personenbezogener Daten, die darin besteht, dass diese personenbezogenen Daten verwendet werden, um bestimmte pers\u00f6nliche Aspekte, die sich auf eine nat\u00fcrliche Person beziehen, zu bewerten, insbesondere, um Aspekte bez\u00fcglich Arbeitsleistung, wirtschaftlicher Lage, Gesundheit, pers\u00f6nlicher Vorlieben, Interessen, Zuverl\u00e4ssigkeit, Verhalten, Aufenthaltsort oder Ortswechsel dieser nat\u00fcrlichen Person zu analysieren oder vorherzusagen.<\/p>\n<p><em>Pseudonymisierung<\/em><\/p>\n<p>Pseudonymisierung ist die Verarbeitung personenbezogener Daten in einer Weise, auf welche die personenbezogenen Daten ohne Hinzuziehung zus\u00e4tzlicher Informationen nicht mehr einer spezifischen betroffenen Person zugeordnet werden k\u00f6nnen, sofern diese zus\u00e4tzlichen Informationen gesondert aufbewahrt werden und technischen und organisatorischen Ma\u00dfnahmen unterliegen, die gew\u00e4hrleisten, dass die personenbezogenen Daten nicht einer identifizierten oder identifizierbaren nat\u00fcrlichen Person zugewiesen werden.<\/p>\n<p><em>Verantwortlicher oder f\u00fcr die Verarbeitung Verantwortlicher<\/em><\/p>\n<p>Verantwortlicher oder fu\u0308r die Verarbeitung Verantwortlicher ist die nat\u00fcrliche oder juristische Person, Beh\u00f6rde, Einrichtung oder andere Stelle, die allein oder gemeinsam mit anderen u\u0308ber die Zwecke und Mittel der Verarbeitung von personenbezogenen Daten entscheidet. Sind die Zwecke und Mittel dieser Verarbeitung durch das Unionsrecht oder das Recht der Mitgliedstaaten vorgegeben, so kann der Verantwortliche beziehungsweise k\u00f6nnen die bestimmten Kriterien seiner Benennung nach dem Unionsrecht oder dem Recht der Mitgliedstaaten vorgesehen werden.<\/p>\n<p><em>Auftragsverarbeiter<\/em><\/p>\n<p>Auftragsverarbeiter ist eine nat\u00fcrliche oder juristische Person, Beh\u00f6rde, Einrichtung oder andere Stelle, die personenbezogene Daten im Auftrag des Verantwortlichen verarbeitet.<\/p>\n<p><em>Empf\u00e4nger<\/em><\/p>\n<p>Empf\u00e4nger ist eine nat\u00fcrliche oder juristische Person, Beh\u00f6rde, Einrichtung oder andere Stelle, der personenbezogene Daten offengelegt werden, unabh\u00e4ngig davon, ob es sich bei ihr um einen Dritten handelt oder nicht. Beh\u00f6rden, die im Rahmen eines bestimmten Untersuchungsauftrags nach dem Unionsrecht oder dem Recht der Mitgliedstaaten m\u00f6glicherweise personenbezogene Daten erhalten, gelten jedoch nicht als Empf\u00e4nger.<\/p>\n<p><em>Dritter<\/em><\/p>\n<p>Dritter ist eine nat\u00fcrliche oder juristische Person, Beh\u00f6rde, Einrichtung oder andere Stelle au\u00dfer der betroffenen Person, dem Verantwortlichen, dem Auftragsverarbeiter und den Personen, die unter der unmittelbaren Verantwortung des Verantwortlichen oder des Auftragsverarbeiters befugt sind, die personenbezogenen Daten zu verarbeiten.<\/p>\n<p><em>Einwilligung<\/em><\/p>\n<p>Einwilligung ist jede von der betroffenen Person freiwillig fu\u0308r den bestimmten Fall in informierter Weise und unmissverst\u00e4ndlich abgegebene Willensbekundung in Form einer Erkl\u00e4rung oder einer sonstigen eindeutigen best\u00e4tigenden Handlung, mit der die betroffene Person zu verstehen gibt, dass sie mit der Verarbeitung der sie betreffenden personenbezogenen Daten einverstanden ist.<\/p>\n<h3>&nbsp;<\/h3>\n<h2>VI. \u00c4nderung dieser Datenschutzerkl\u00e4rung<\/h2>\n<p>Diese Datenschutzerkl\u00e4rung ist auf dem Stand Mai 2021. Durch die Weiterentwicklung unserer Website und Angebote dar\u00fcber oder aufgrund ge\u00e4nderter gesetzlicher beziehungsweise beh\u00f6rdlicher Vorgaben kann es notwendig werden, diese Datenschutzerkl\u00e4rung zu a\u0308ndern. Die jeweils aktuelle Datenschutzerkl\u00e4rung kann jederzeit auf unserer Website von Ihnen abgerufen und ausgedruckt werden.<\/p>\n<p>Die Datenschutzerkl\u00e4rung wurde erstellt von der dsgvoNORD GmbH \u2013&nbsp;<a href=\"https:\/\/dsgvo-nord.de\/\">dsgvo-nord.de<\/a><\/p>\t\t\t\t\t\t\t\t<\/div>\n\t\t\t\t<\/div>\n\t\t\t\t\t<\/div>\n\t\t\t\t<\/div>\n\t\t\t\t<\/div>\n\t\t","protected":false},"excerpt":{"rendered":"<p>Vielen Dank f\u00fcr Ihr Interesse an der Webseite unseres Unternehmens. Da mit Ihrem Besuch personenbezogene Daten anfallen, informieren wir Sie im Folgenden gem\u00e4\u00df den Anforderungen nach der europ\u00e4ischen Datenschutzrichtline, EU-DSGVO.Eine Erl\u00e4uterung verwendeter Begriffe finden Sie unter V. Begriffsbestimmungen. I. Name und Kontaktdaten des Verantwortlichen und des Datenschutzbeauftragten Verantwortlicher f\u00fcr die Verarbeitung personenbezogener Daten gema\u0308\u00df Art. [&hellip;]<\/p>\n","protected":false},"author":1,"featured_media":0,"parent":0,"menu_order":0,"comment_status":"closed","ping_status":"closed","template":"","meta":{"inline_featured_image":false,"footnotes":""},"class_list":["post-188","page","type-page","status-publish","hentry"],"_links":{"self":[{"href":"https:\/\/musikservice-breuer.de\/index.php?rest_route=\/wp\/v2\/pages\/188","targetHints":{"allow":["GET"]}}],"collection":[{"href":"https:\/\/musikservice-breuer.de\/index.php?rest_route=\/wp\/v2\/pages"}],"about":[{"href":"https:\/\/musikservice-breuer.de\/index.php?rest_route=\/wp\/v2\/types\/page"}],"author":[{"embeddable":true,"href":"https:\/\/musikservice-breuer.de\/index.php?rest_route=\/wp\/v2\/users\/1"}],"replies":[{"embeddable":true,"href":"https:\/\/musikservice-breuer.de\/index.php?rest_route=%2Fwp%2Fv2%2Fcomments&post=188"}],"version-history":[{"count":16,"href":"https:\/\/musikservice-breuer.de\/index.php?rest_route=\/wp\/v2\/pages\/188\/revisions"}],"predecessor-version":[{"id":233,"href":"https:\/\/musikservice-breuer.de\/index.php?rest_route=\/wp\/v2\/pages\/188\/revisions\/233"}],"wp:attachment":[{"href":"https:\/\/musikservice-breuer.de\/index.php?rest_route=%2Fwp%2Fv2%2Fmedia&parent=188"}],"curies":[{"name":"wp","href":"https:\/\/api.w.org\/{rel}","templated":true}]}}